{"id":306,"date":"2018-01-18T23:56:35","date_gmt":"2018-01-18T22:56:35","guid":{"rendered":"http:\/\/www.becker-becker.de\/?page_id=306"},"modified":"2018-01-21T16:00:49","modified_gmt":"2018-01-21T15:00:49","slug":"oeffentliches-recht","status":"publish","type":"page","link":"https:\/\/www.becker-becker.de\/index.php\/oeffentliches-recht\/","title":{"rendered":"\u00d6ffentliches Recht"},"content":{"rendered":"\t\t<div data-elementor-type=\"wp-post\" data-elementor-id=\"306\" class=\"elementor elementor-306 elementor-bc-flex-widget\">\n\t\t\t\t\t\t<div class=\"elementor-inner\">\n\t\t\t\t<div class=\"elementor-section-wrap\">\n\t\t\t\t\t\t\t\t\t<section class=\"elementor-section elementor-top-section elementor-element elementor-element-d9d12d1 elementor-section-full_width elementor-section-height-default elementor-section-height-default\" data-id=\"d9d12d1\" data-element_type=\"section\">\n\t\t\t\t\t\t<div class=\"elementor-container elementor-column-gap-default\">\n\t\t\t\t\t\t\t<div class=\"elementor-row\">\n\t\t\t\t\t<div class=\"elementor-column elementor-col-50 elementor-top-column elementor-element elementor-element-8fe930c\" data-id=\"8fe930c\" data-element_type=\"column\">\n\t\t\t<div class=\"elementor-column-wrap elementor-element-populated\">\n\t\t\t\t\t\t\t<div class=\"elementor-widget-wrap\">\n\t\t\t\t\t\t<div class=\"elementor-element elementor-element-7eb34cb elementor-widget elementor-widget-text-editor\" data-id=\"7eb34cb\" data-element_type=\"widget\" data-widget_type=\"text-editor.default\">\n\t\t\t\t<div class=\"elementor-widget-container\">\n\t\t\t\t\t\t\t\t<div class=\"elementor-text-editor elementor-clearfix\">\n\t\t\t\t<p>\u00d6ffentliches Recht, Verwaltungsrecht: Was ist das eigentlich, eine \u00f6ffentlich-rechtliche Streitigkeit ? Diese Frage, die nicht ganz selten gestellt wird, ist im Grunde recht einfach zu beantworten: Da, wo die staatlichen Stellen und Beh\u00f6rden dem Betroffenen als Hoheitstr\u00e4ger gegen\u00fcberstehen, wo sie Bescheide erlassen und der Widerspruch der erste Rechtsbehelf ist, dort befindet man sich im \u00f6ffentlichen Recht. Wer also einen Bauantrag stellt und ganz oder teilweise abgelehnt bekommt, wer sich \u00fcberlegt, ob seine Einstufung in der Schwebehinderung ausreichend ist, wer die Genehmigung einer \u00f6ffentlichen Veranstaltung beantragt oder als J\u00e4ger oder Sportsch\u00fctze Erlaubnisse nach dem Waffenrecht ben\u00f6tigt, wer Geb\u00fchrenbescheide bekommt, der befindet sich sozusagen &#8222;mitten&#8220; im \u00f6ffentlichen Recht. Eine Fallgruppe, die auch Rechtsanw\u00e4lte im \u00f6ffentlichen Recht st\u00e4ndig begleitet, ist das Sozialrecht. Jeder Bezieher von Arbeitslosengeld 2, im Volksmund auch &#8222;Hartz 4&#8220; genannt, der \u00fcber das Jahr eine Vielzahl h\u00f6chst komplexer Bescheide erh\u00e4lt, weiss, was gemeint ist.<\/p><p>Das \u00f6ffentliche Recht greift auch dann ein, wenn die Beh\u00f6rde zwar etwas tun sollte, aber stattdessen nichts tut, dann also, wenn auf einen der oben beispielhaft aufgez\u00e4hlten Antr\u00e4ge \u00fcber Monate nichts passiert. Dann n\u00e4mlich kann die sogenannte Unt\u00e4tigkeitsklage angebracht sein.<\/p><p>Wir bearbeiten \u00f6ffentlich-rechtliche Mandate, insbesondere im Bauordnungsrecht, Gastst\u00e4ttenrecht,\u00a0 Sozalrecht und dem Waffen- und Jagdrecht, im Widerpruchsverfahren und vor den Verwaltungs- und Sozialgerichten.<\/p>\t\t\t\t\t<\/div>\n\t\t\t\t\t\t<\/div>\n\t\t\t\t<\/div>\n\t\t\t\t\t\t<\/div>\n\t\t\t\t\t<\/div>\n\t\t<\/div>\n\t\t\t\t<div class=\"elementor-column elementor-col-50 elementor-top-column elementor-element elementor-element-c2c3170\" data-id=\"c2c3170\" data-element_type=\"column\">\n\t\t\t<div class=\"elementor-column-wrap elementor-element-populated\">\n\t\t\t\t\t\t\t<div class=\"elementor-widget-wrap\">\n\t\t\t\t\t\t<div class=\"elementor-element elementor-element-5cfb692 elementor-widget elementor-widget-wp-widget-nav_menu\" data-id=\"5cfb692\" data-element_type=\"widget\" data-widget_type=\"wp-widget-nav_menu.default\">\n\t\t\t\t<div class=\"elementor-widget-container\">\n\t\t\t<div class=\"menu-rechtsgebiete-container\"><ul id=\"menu-rechtsgebiete\" class=\"menu\"><li id=\"menu-item-569\" class=\"menu-item menu-item-type-post_type menu-item-object-page menu-item-569\"><a href=\"https:\/\/www.becker-becker.de\/index.php\/zivilrecht\/\">Zivilrecht<\/a><\/li>\n<li id=\"menu-item-672\" class=\"menu-item menu-item-type-post_type menu-item-object-page menu-item-has-children menu-item-672\"><a href=\"https:\/\/www.becker-becker.de\/index.php\/arbeitsrecht\/\">Arbeitsrecht<\/a>\n<ul class=\"sub-menu\">\n\t<li id=\"menu-item-673\" class=\"menu-item menu-item-type-post_type menu-item-object-page menu-item-673\"><a href=\"https:\/\/www.becker-becker.de\/index.php\/kuendigung-kuendigungsschutz-abfindung\/\">K\u00fcndigung K\u00fcndigungsschutz Abfindung<\/a><\/li>\n<\/ul>\n<\/li>\n<li id=\"menu-item-568\" class=\"menu-item menu-item-type-post_type menu-item-object-page menu-item-568\"><a href=\"https:\/\/www.becker-becker.de\/index.php\/strafrecht\/\">Strafrecht<\/a><\/li>\n<li id=\"menu-item-567\" class=\"menu-item menu-item-type-post_type menu-item-object-page menu-item-567\"><a href=\"https:\/\/www.becker-becker.de\/index.php\/oeffentliches-recht\/\">\u00d6ffentliches Recht<\/a><\/li>\n<\/ul><\/div>\t\t<\/div>\n\t\t\t\t<\/div>\n\t\t\t\t\t\t<\/div>\n\t\t\t\t\t<\/div>\n\t\t<\/div>\n\t\t\t\t\t\t\t\t<\/div>\n\t\t\t\t\t<\/div>\n\t\t<\/section>\n\t\t\t\t\t\t\t\t\t<\/div>\n\t\t\t<\/div>\n\t\t\t\t\t<\/div>\n\t\t","protected":false},"excerpt":{"rendered":"<p>\u00d6ffentliches Recht, Verwaltungsrecht: Was ist das eigentlich, eine \u00f6ffentlich-rechtliche Streitigkeit ? Diese Frage, die nicht ganz selten gestellt wird, ist im Grunde recht einfach zu beantworten: Da, wo die staatlichen Stellen und Beh\u00f6rden dem Betroffenen als Hoheitstr\u00e4ger gegen\u00fcberstehen, wo sie Bescheide erlassen und der Widerspruch der erste Rechtsbehelf ist, dort befindet man sich im \u00f6ffentlichen Recht. Wer also einen Bauantrag<\/p>\n","protected":false},"author":1,"featured_media":0,"parent":0,"menu_order":0,"comment_status":"closed","ping_status":"closed","template":"template-fullwidth.php","meta":[],"aioseo_notices":[],"_links":{"self":[{"href":"https:\/\/www.becker-becker.de\/index.php\/wp-json\/wp\/v2\/pages\/306"}],"collection":[{"href":"https:\/\/www.becker-becker.de\/index.php\/wp-json\/wp\/v2\/pages"}],"about":[{"href":"https:\/\/www.becker-becker.de\/index.php\/wp-json\/wp\/v2\/types\/page"}],"author":[{"embeddable":true,"href":"https:\/\/www.becker-becker.de\/index.php\/wp-json\/wp\/v2\/users\/1"}],"replies":[{"embeddable":true,"href":"https:\/\/www.becker-becker.de\/index.php\/wp-json\/wp\/v2\/comments?post=306"}],"version-history":[{"count":7,"href":"https:\/\/www.becker-becker.de\/index.php\/wp-json\/wp\/v2\/pages\/306\/revisions"}],"predecessor-version":[{"id":580,"href":"https:\/\/www.becker-becker.de\/index.php\/wp-json\/wp\/v2\/pages\/306\/revisions\/580"}],"wp:attachment":[{"href":"https:\/\/www.becker-becker.de\/index.php\/wp-json\/wp\/v2\/media?parent=306"}],"curies":[{"name":"wp","href":"https:\/\/api.w.org\/{rel}","templated":true}]}}