{"id":396,"date":"2018-01-19T02:26:55","date_gmt":"2018-01-19T01:26:55","guid":{"rendered":"http:\/\/www.becker-becker.de\/?page_id=396"},"modified":"2018-01-19T02:52:13","modified_gmt":"2018-01-19T01:52:13","slug":"bgh-pressemitteilungen","status":"publish","type":"page","link":"https:\/\/www.becker-becker.de\/index.php\/bgh-pressemitteilungen\/","title":{"rendered":"BGH Pressemitteilungen"},"content":{"rendered":"\t\t<div data-elementor-type=\"wp-post\" data-elementor-id=\"396\" class=\"elementor elementor-396 elementor-bc-flex-widget\">\n\t\t\t\t\t\t<div class=\"elementor-inner\">\n\t\t\t\t<div class=\"elementor-section-wrap\">\n\t\t\t\t\t\t\t\t\t<section class=\"elementor-section elementor-top-section elementor-element elementor-element-51e73d1a elementor-section-full_width elementor-section-height-default elementor-section-height-default\" data-id=\"51e73d1a\" data-element_type=\"section\">\n\t\t\t\t\t\t<div class=\"elementor-container elementor-column-gap-default\">\n\t\t\t\t\t\t\t<div class=\"elementor-row\">\n\t\t\t\t\t<div class=\"elementor-column elementor-col-50 elementor-top-column elementor-element elementor-element-407a2961\" data-id=\"407a2961\" data-element_type=\"column\">\n\t\t\t<div class=\"elementor-column-wrap elementor-element-populated\">\n\t\t\t\t\t\t\t<div class=\"elementor-widget-wrap\">\n\t\t\t\t\t\t<div class=\"elementor-element elementor-element-adda5ca elementor-widget elementor-widget-wp-widget-rss\" data-id=\"adda5ca\" data-element_type=\"widget\" data-widget_type=\"wp-widget-rss.default\">\n\t\t\t\t<div class=\"elementor-widget-container\">\n\t\t\t<h5><a class=\"rsswidget rss-widget-feed\" href=\"http:\/\/juris.bundesgerichtshof.de\/rechtsprechung\/bgh\/feed.xml\"><img decoding=\"async\" class=\"rss-widget-icon\" style=\"border:0\" width=\"14\" height=\"14\" src=\"https:\/\/www.becker-becker.de\/wp-includes\/images\/rss.png\" alt=\"RSS\" loading=\"lazy\" \/><\/a> <a class=\"rsswidget rss-widget-title\" href=\"https:\/\/www.bundesgerichtshof.de\/DE\/Presse\/Pressemitteilungen\/pressemitteilungen_node.html\">Pressemitteilungen des Bundesgerichtshofs<\/a><\/h5><ul><li><a class='rsswidget' href='https:\/\/www.bundesgerichtshof.de\/SharedDocs\/Pressemitteilungen\/DE\/2026\/2026075.html'>Verhandlungstermin am 28. Juli 2026, 9.00 Uhr, Saal E 101, in Sachen XI ZR 83\/25 (Jahresentgelt f\u00fcr sog. Riester-Bausparvertrag)<\/a> <span class=\"rss-date\">29. April 2026<\/span><div class=\"rssSummary\">Pressemitteilung 075\/2026 vom 29.04.2026<\/div><\/li><li><a class='rsswidget' href='https:\/\/www.bundesgerichtshof.de\/SharedDocs\/Pressemitteilungen\/DE\/2026\/2026074.html'>Verurteilung durch das Landgericht Itzehoe wegen t\u00f6dlicher Verbr\u00fchung eines Kleinkinds rechtskr\u00e4ftig<\/a> <span class=\"rss-date\">28. April 2026<\/span><div class=\"rssSummary\">Pressemitteilung 074\/2026 vom 28.04.2026<\/div><\/li><li><a class='rsswidget' href='https:\/\/www.bundesgerichtshof.de\/SharedDocs\/Pressemitteilungen\/DE\/2026\/2026072.html'>Zust\u00e4ndigkeit f\u00fcr Balkonsanierungen in der Gemeinschaft der Wohnungseigent\u00fcmer<\/a> <span class=\"rss-date\">24. April 2026<\/span><div class=\"rssSummary\">Pressemitteilung 072\/2026 vom 24.04.2026<\/div><\/li><li><a class='rsswidget' href='https:\/\/www.bundesgerichtshof.de\/SharedDocs\/Pressemitteilungen\/DE\/2026\/2026070.html'>Keine Gewinnherausgabe wegen des Buchs &quot;Verm\u00e4chtnis - Die Kohl-Protokolle&quot;, aber Verbot weiterer Passagen daraus<\/a> <span class=\"rss-date\">23. April 2026<\/span><div class=\"rssSummary\">Pressemitteilung 070\/2026 vom 23.04.2026<\/div><\/li><li><a class='rsswidget' href='https:\/\/www.bundesgerichtshof.de\/SharedDocs\/Pressemitteilungen\/DE\/2026\/2026071.html'>Verhandlungstermin am 30. Juli 2026 um 11:00 Uhr in Sachen I ZR 74\/22 (Zur Zul\u00e4ssigkeit des Tontr\u00e4ger-Samplings)<\/a> <span class=\"rss-date\">23. April 2026<\/span><div class=\"rssSummary\">Pressemitteilung 071\/2026 vom 23.04.2026<\/div><\/li><li><a class='rsswidget' href='https:\/\/www.bundesgerichtshof.de\/SharedDocs\/Pressemitteilungen\/DE\/2026\/2026069.html'>Verurteilung wegen Gewalttaten im Aachener Rotlichtbezirk auf die Revision der Staatsanwaltschaft teilweise aufgehoben<\/a> <span class=\"rss-date\">22. April 2026<\/span><div class=\"rssSummary\">Pressemitteilung 069\/2026 vom 22.04.2026<\/div><\/li><li><a class='rsswidget' href='https:\/\/www.bundesgerichtshof.de\/SharedDocs\/Pressemitteilungen\/DE\/2026\/2026068.html'>Klausel in Allgemeinen Gesch\u00e4ftsbedingungen eines Anbieters von Streamingdiensten zum Wirksamwerden einer K\u00fcndigung bei Verwendung von Gutscheinkarten ist unwirksam<\/a> <span class=\"rss-date\">16. April 2026<\/span><div class=\"rssSummary\">Pressemitteilung 068\/2026 vom 16.04.2026<\/div><\/li><li><a class='rsswidget' href='https:\/\/www.bundesgerichtshof.de\/SharedDocs\/Pressemitteilungen\/DE\/2026\/2026073.html'>Bundesgerichtshof verwirft die Revisionen von R\u00e4delsf\u00fchrern der &quot;Kaiserreichsgruppe&quot; gegen ihre Verurteilung durch das Oberlandesgericht Koblenz<\/a> <span class=\"rss-date\">15. April 2026<\/span><div class=\"rssSummary\">Pressemitteilung 073\/2026 vom 15.04.2026<\/div><\/li><li><a class='rsswidget' href='https:\/\/www.bundesgerichtshof.de\/SharedDocs\/Pressemitteilungen\/DE\/2026\/2026067.html'>Urteil des Landgerichts Saarbr\u00fccken im &quot;Glasfaser-Mordprozess&quot; rechtskr\u00e4ftig<\/a> <span class=\"rss-date\">14. April 2026<\/span><div class=\"rssSummary\">Pressemitteilung 067\/2026 vom 14.04.2026<\/div><\/li><li><a class='rsswidget' href='https:\/\/www.bundesgerichtshof.de\/SharedDocs\/Pressemitteilungen\/DE\/2026\/2026066.html'>Urteil im &quot;Sympatex-Verfahren&quot; wegen versuchten Betruges zu Lasten von Anleihegl\u00e4ubigern rechtskr\u00e4ftig<\/a> <span class=\"rss-date\">13. April 2026<\/span><div class=\"rssSummary\">Pressemitteilung 066\/2026 vom 13.04.2026<\/div><\/li><li><a class='rsswidget' href='https:\/\/www.bundesgerichtshof.de\/SharedDocs\/Pressemitteilungen\/DE\/2026\/2026065.html'>Verhandlungstermin am 7. Mai 2026 um 10:00 Uhr in Sachen I ZR 130\/25 (Vergabe von \u00c4rztesiegeln)<\/a> <span class=\"rss-date\">13. April 2026<\/span><div class=\"rssSummary\">Pressemitteilung 065\/2026 vom 13.04.2026<\/div><\/li><li><a class='rsswidget' href='https:\/\/www.bundesgerichtshof.de\/SharedDocs\/Pressemitteilungen\/DE\/2026\/2026064.html'>Bundesgerichtshof best\u00e4tigt Verurteilung wegen versuchten Totschlags nach Abiturfeier im Kurpark von Bad Oeynhausen<\/a> <span class=\"rss-date\">10. April 2026<\/span><div class=\"rssSummary\">Pressemitteilung 064\/2026 vom 10.04.2026<\/div><\/li><li><a class='rsswidget' href='https:\/\/www.bundesgerichtshof.de\/SharedDocs\/Pressemitteilungen\/DE\/2026\/2026063.html'>Verurteilung wegen Mordes an Chemnitzer Mediziner rechtskr\u00e4ftig<\/a> <span class=\"rss-date\">9. April 2026<\/span><div class=\"rssSummary\">Pressemitteilung 063\/2026 vom 09.04.2026<\/div><\/li><li><a class='rsswidget' href='https:\/\/www.bundesgerichtshof.de\/SharedDocs\/Pressemitteilungen\/DE\/2026\/2026062.html'>Bundesgerichtshof entscheidet \u00fcber weitere  Nichtzulassungsbeschwerden betreffend die Lieferung von  Corona-Schutzmasken<\/a> <span class=\"rss-date\">8. April 2026<\/span><div class=\"rssSummary\">Pressemitteilung 062\/2026 vom 08.04.2026<\/div><\/li><li><a class='rsswidget' href='https:\/\/www.bundesgerichtshof.de\/SharedDocs\/Pressemitteilungen\/DE\/2026\/2026061.html'>Urteil des Landgerichts Potsdam wegen T\u00f6tung eines  Wachmanns in einer Asylbewerberunterkunft rechtskr\u00e4ftig<\/a> <span class=\"rss-date\">8. April 2026<\/span><div class=\"rssSummary\">Pressemitteilung 061\/2026 vom 08.04.2026<\/div><\/li><li><a class='rsswidget' href='https:\/\/www.bundesgerichtshof.de\/SharedDocs\/Pressemitteilungen\/DE\/2026\/2026060.html'>Neuer Richter am Bundesgerichtshof<\/a> <span class=\"rss-date\">1. April 2026<\/span><div class=\"rssSummary\">Pressemitteilung 060\/2026 vom 01.04.2026<\/div><\/li><li><a class='rsswidget' href='https:\/\/www.bundesgerichtshof.de\/SharedDocs\/Pressemitteilungen\/DE\/2026\/2026059.html'>Urteil des Landgerichts Neuruppin wegen versuchten Totschlags in Tateinheit mit gef\u00e4hrlicher K\u00f6rperverletzung rechtskr\u00e4ftig<\/a> <span class=\"rss-date\">30. M\u00e4rz 2026<\/span><div class=\"rssSummary\">Pressemitteilung 059\/2026 vom 30.03.2026<\/div><\/li><li><a class='rsswidget' href='https:\/\/www.bundesgerichtshof.de\/SharedDocs\/Pressemitteilungen\/DE\/2026\/2026058.html'>Verhandlungstermin am 11. Juni 2026, 9:00 Uhr, Saal E 101, in Sachen VII ZR 93\/25 und VII ZR 96\/25 (Ersatzanspruch wegen der Kosten einer Schufa-Bonit\u00e4tsauskunft)<\/a> <span class=\"rss-date\">27. M\u00e4rz 2026<\/span><div class=\"rssSummary\">Pressemitteilung 058\/2026 vom 27.03.2026<\/div><\/li><li><a class='rsswidget' href='https:\/\/www.bundesgerichtshof.de\/SharedDocs\/Pressemitteilungen\/DE\/2026\/2026057.html'>Keine allgemeine Pflicht einer Wohnungseigent\u00fcmergemeinschaft zur Einholung von Vergleichsangeboten<\/a> <span class=\"rss-date\">27. M\u00e4rz 2026<\/span><div class=\"rssSummary\">Pressemitteilung 057\/2026 vom 27.03.2026<\/div><\/li><li><a class='rsswidget' href='https:\/\/www.bundesgerichtshof.de\/SharedDocs\/Pressemitteilungen\/DE\/2026\/2026056.html'>Bundesgerichtshof legt Gerichtshof der Europ\u00e4ischen Union eine Frage zur Reichweite der Dienstleistungsfreiheit bei der Bewerbung von \u00e4rztlichen Fernbehandlungen vor<\/a> <span class=\"rss-date\">26. M\u00e4rz 2026<\/span><div class=\"rssSummary\">Pressemitteilung 056\/2026 vom 26.03.2026<\/div><\/li><\/ul>\t\t<\/div>\n\t\t\t\t<\/div>\n\t\t\t\t\t\t<\/div>\n\t\t\t\t\t<\/div>\n\t\t<\/div>\n\t\t\t\t<div class=\"elementor-column elementor-col-50 elementor-top-column elementor-element elementor-element-7fdb27dd\" data-id=\"7fdb27dd\" data-element_type=\"column\">\n\t\t\t<div class=\"elementor-column-wrap\">\n\t\t\t\t\t\t\t<div class=\"elementor-widget-wrap\">\n\t\t\t\t\t\t\t\t<\/div>\n\t\t\t\t\t<\/div>\n\t\t<\/div>\n\t\t\t\t\t\t\t\t<\/div>\n\t\t\t\t\t<\/div>\n\t\t<\/section>\n\t\t\t\t\t\t\t\t\t<\/div>\n\t\t\t<\/div>\n\t\t\t\t\t<\/div>\n\t\t","protected":false},"excerpt":{"rendered":"","protected":false},"author":1,"featured_media":0,"parent":0,"menu_order":0,"comment_status":"closed","ping_status":"closed","template":"template-fullwidth.php","meta":[],"aioseo_notices":[],"_links":{"self":[{"href":"https:\/\/www.becker-becker.de\/index.php\/wp-json\/wp\/v2\/pages\/396"}],"collection":[{"href":"https:\/\/www.becker-becker.de\/index.php\/wp-json\/wp\/v2\/pages"}],"about":[{"href":"https:\/\/www.becker-becker.de\/index.php\/wp-json\/wp\/v2\/types\/page"}],"author":[{"embeddable":true,"href":"https:\/\/www.becker-becker.de\/index.php\/wp-json\/wp\/v2\/users\/1"}],"replies":[{"embeddable":true,"href":"https:\/\/www.becker-becker.de\/index.php\/wp-json\/wp\/v2\/comments?post=396"}],"version-history":[{"count":2,"href":"https:\/\/www.becker-becker.de\/index.php\/wp-json\/wp\/v2\/pages\/396\/revisions"}],"predecessor-version":[{"id":422,"href":"https:\/\/www.becker-becker.de\/index.php\/wp-json\/wp\/v2\/pages\/396\/revisions\/422"}],"wp:attachment":[{"href":"https:\/\/www.becker-becker.de\/index.php\/wp-json\/wp\/v2\/media?parent=396"}],"curies":[{"name":"wp","href":"https:\/\/api.w.org\/{rel}","templated":true}]}}